{"id":6620,"date":"2023-12-28T00:44:26","date_gmt":"2023-12-27T23:44:26","guid":{"rendered":"https:\/\/bns.berlin\/?page_id=6620"},"modified":"2024-05-27T21:30:07","modified_gmt":"2024-05-27T19:30:07","slug":"schwulenberatung-berlin","status":"publish","type":"page","link":"https:\/\/bns.berlin\/tr\/schwulenberatung-berlin\/","title":{"rendered":"Schwulenberatung Berlin"},"content":{"rendered":"\n<div class=\"wp-block-columns alignwide has-base-color has-primary-background-color has-text-color has-background has-link-color wp-elements-fa1ce1b8befe40e7b758bc1ab23f2345 is-layout-flex wp-container-core-columns-is-layout-28f84493 wp-block-columns-is-layout-flex\" style=\"border-radius:25px\">\n<div class=\"wp-block-column is-layout-flow wp-block-column-is-layout-flow\">\n<h1 class=\"wp-block-heading has-base-color has-text-color has-link-color has-xxxl-font-size wp-elements-548bac800e8b049acc8d31bc596b7079\" style=\"text-transform:none\">Schwulenberatung Berlin<\/h1>\n\n\n\n<p class=\"has-l-font-size\">LGBTI* M\u00fclteciler Dan\u0131\u015fma Dairesi (Schwulenberatung Berlin)<\/p>\n<\/div>\n<\/div>\n\n\n\n<h2 class=\"wp-block-heading is-style-screen-reader-text\">Mehr \u00fcber Schwulenberatung Berlin<\/h2>\n\n\n\n<div class=\"wp-block-columns alignwide is-layout-flex wp-container-core-columns-is-layout-28f84493 wp-block-columns-is-layout-flex\">\n<div class=\"wp-block-column is-layout-flow wp-block-column-is-layout-flow\">\n<div style=\"height:35px\" aria-hidden=\"true\" class=\"wp-block-spacer\"><\/div>\n\n\n\n<div id=\"readspeaker_button1\" class=\"rs_skip rsbtn rs_preserve\">\n    <a rel=\"nofollow\" class=\"rsbtn_play\" title=\"Metni dinlemek i\u00e7in l\u00fctfen ReadSpeaker WebReader'\u0131 kullan\u0131n.\" href=\"https:\/\/app-eu.readspeaker.com\/cgi-bin\/rsent?customerid=14400&amp;lang=tr_tr&amp;readclass=schwulenberatung&amp;url=https:\/\/bns.berlin\/tr\/fachstellen-ubersicht\/schwulenberatung-berlin\/\">\n        <span class=\"rsbtn_left rsimg rspart\"><span class=\"rsbtn_text\"><span>Oku<\/span><\/span><\/span>\n        <span class=\"rsbtn_right rsimg rsplay rspart\"><\/span>\n    <\/a>\n<\/div>\n<\/div>\n<\/div>\n\n\n\n<div class=\"wp-block-columns alignwide schwulenberatung has-contrast-alt-color has-text-color has-link-color wp-elements-f818caba596df3f9c5c3a09ca5fb0bef is-layout-flex wp-container-core-columns-is-layout-6944e41c wp-block-columns-is-layout-flex\" style=\"border-radius:25px;margin-top:0;margin-bottom:0;padding-top:var(--wp--preset--spacing--s);padding-right:0;padding-bottom:var(--wp--preset--spacing--s);padding-left:0\">\n<div class=\"wp-block-column is-layout-flow wp-block-column-is-layout-flow\" style=\"padding-top:var(--wp--preset--spacing--m);padding-right:0;padding-bottom:var(--wp--preset--spacing--m);padding-left:0;flex-basis:60%\">\n<div class=\"wp-block-group has-custom-color-1-background-color has-background is-vertical is-layout-flex wp-container-core-group-is-layout-cf91af71 wp-block-group-is-layout-flex\" style=\"border-radius:25px;padding-top:var(--wp--preset--spacing--s);padding-right:0;padding-bottom:var(--wp--preset--spacing--s);padding-left:0\">\n<div class=\"wp-block-columns is-layout-flex wp-container-core-columns-is-layout-28f84493 wp-block-columns-is-layout-flex\">\n<div class=\"wp-block-column is-layout-flow wp-block-column-is-layout-flow\" style=\"padding-top:var(--wp--preset--spacing--s);padding-right:var(--wp--preset--spacing--m);padding-bottom:var(--wp--preset--spacing--s);padding-left:var(--wp--preset--spacing--m)\">\n<h3 class=\"wp-block-heading has-primary-color has-text-color has-m-font-size\" style=\"letter-spacing:0.05em;text-transform:none\">Haklar\u0131n\u0131z konusunda sizi bilgilendiriyor ve size destek hizmeti sunuyoruz. \u00d6rne\u011fin:<\/h3>\n\n\n\n<ul class=\"has-primary-color has-text-color has-link-color wp-block-list wp-elements-1ef52af88f8b0a4355e4b9290ab33786\">\n<li>\u0130ltica i\u015flemi s\u00fcreci<\/li>\n\n\n\n<li>\u0130ltica \u0130\u015flemlerindeki \u00f6zel durumlar i\u00e7in ifade verme hususunda bilgilendirme<\/li>\n\n\n\n<li>Oturum hakk\u0131<\/li>\n\n\n\n<li>Ayr\u0131mc\u0131l\u0131k<\/li>\n<\/ul>\n<\/div>\n<\/div>\n<\/div>\n\n\n\n<div class=\"wp-block-group has-custom-color-1-background-color has-background is-vertical is-layout-flex wp-container-core-group-is-layout-cf91af71 wp-block-group-is-layout-flex\" style=\"border-radius:25px;padding-top:var(--wp--preset--spacing--s);padding-right:0;padding-bottom:var(--wp--preset--spacing--s);padding-left:0\">\n<div class=\"wp-block-columns is-layout-flex wp-container-core-columns-is-layout-28f84493 wp-block-columns-is-layout-flex\">\n<div class=\"wp-block-column is-layout-flow wp-block-column-is-layout-flow\" style=\"padding-top:var(--wp--preset--spacing--s);padding-right:var(--wp--preset--spacing--m);padding-bottom:var(--wp--preset--spacing--s);padding-left:var(--wp--preset--spacing--m)\">\n<h3 class=\"wp-block-heading has-primary-color has-text-color has-m-font-size\" style=\"letter-spacing:0.05em;text-transform:none\">Sizinle birlikte size uygun olan yard\u0131m\u0131 belirliyoruz, \u00f6rn.:<\/h3>\n\n\n\n<ul class=\"has-primary-color has-text-color has-link-color wp-block-list wp-elements-9d47a3eeb60535cfd83f36a65f753f4a\">\n<li>Hukuki dan\u0131\u015fmanl\u0131k<\/li>\n\n\n\n<li>Psikolojik dan\u0131\u015fmanl\u0131k<\/li>\n\n\n\n<li>Sosyal dan\u0131\u015fmanl\u0131k<\/li>\n\n\n\n<li>Entegrasyon yard\u0131m\u0131<\/li>\n\n\n\n<li>Meslek ve e\u011fitm dan\u0131\u015fmanl\u0131\u011f\u0131<\/li>\n\n\n\n<li>Cinsel Sa\u011fl\u0131k&amp;LGBTI* hassas t\u0131bbi destek<\/li>\n<\/ul>\n<\/div>\n<\/div>\n<\/div>\n\n\n\n<div class=\"wp-block-group has-custom-color-1-background-color has-background is-vertical is-layout-flex wp-container-core-group-is-layout-cf91af71 wp-block-group-is-layout-flex\" style=\"border-radius:25px;padding-top:var(--wp--preset--spacing--s);padding-right:0;padding-bottom:var(--wp--preset--spacing--s);padding-left:0\">\n<div class=\"wp-block-columns is-layout-flex wp-container-core-columns-is-layout-28f84493 wp-block-columns-is-layout-flex\">\n<div class=\"wp-block-column is-layout-flow wp-block-column-is-layout-flow\" style=\"padding-top:var(--wp--preset--spacing--s);padding-right:var(--wp--preset--spacing--m);padding-bottom:var(--wp--preset--spacing--s);padding-left:var(--wp--preset--spacing--m)\">\n<h3 class=\"wp-block-heading has-primary-color has-text-color has-m-font-size\" style=\"letter-spacing:0.05em;text-transform:none\">Ba\u015fvuru yapman\u0131za destek oluruz, \u00f6rn.:<\/h3>\n\n\n\n<ul class=\"has-primary-color has-text-color has-link-color wp-block-list wp-elements-3859094c17f5c3d59763dea04f4bccec\">\n<li>Sosyal hukuk hizmetleri<\/li>\n\n\n\n<li>Psikoterapi<\/li>\n\n\n\n<li>\u0130ltica ba\u015fvurusu<\/li>\n<\/ul>\n<\/div>\n<\/div>\n<\/div>\n\n\n\n<div class=\"wp-block-group has-custom-color-1-background-color has-background is-vertical is-layout-flex wp-container-core-group-is-layout-cf91af71 wp-block-group-is-layout-flex\" style=\"border-radius:25px;padding-top:var(--wp--preset--spacing--s);padding-right:0;padding-bottom:var(--wp--preset--spacing--s);padding-left:0\">\n<div class=\"wp-block-columns is-layout-flex wp-container-core-columns-is-layout-28f84493 wp-block-columns-is-layout-flex\">\n<div class=\"wp-block-column is-layout-flow wp-block-column-is-layout-flow\" style=\"padding-top:var(--wp--preset--spacing--s);padding-right:var(--wp--preset--spacing--m);padding-bottom:var(--wp--preset--spacing--s);padding-left:var(--wp--preset--spacing--m)\">\n<h3 class=\"wp-block-heading has-primary-color has-text-color has-m-font-size\" style=\"letter-spacing:0.05em;text-transform:none\">\u0130leti\u015fimde size destek oluruz. \u00d6rne\u011fin:<\/h3>\n\n\n\n<ul class=\"has-primary-color has-text-color has-link-color wp-block-list wp-elements-3db8b76e91537665a18751428cf8796b\">\n<li>LAF<\/li>\n\n\n\n<li>\u0130l\u00e7e Merkezleri<\/li>\n\n\n\n<li>Yabanc\u0131lar Dairesi<\/li>\n\n\n\n<li>BAMF<\/li>\n\n\n\n<li>\u0130\u015f\u00e7i Bulma Kurumu<\/li>\n<\/ul>\n<\/div>\n<\/div>\n<\/div>\n\n\n\n<div class=\"wp-block-group has-custom-color-1-background-color has-background is-vertical is-layout-flex wp-container-core-group-is-layout-cf91af71 wp-block-group-is-layout-flex\" style=\"border-radius:25px;padding-top:var(--wp--preset--spacing--s);padding-right:0;padding-bottom:var(--wp--preset--spacing--s);padding-left:0\">\n<div class=\"wp-block-columns is-layout-flex wp-container-core-columns-is-layout-28f84493 wp-block-columns-is-layout-flex\">\n<div class=\"wp-block-column is-layout-flow wp-block-column-is-layout-flow\" style=\"padding-top:var(--wp--preset--spacing--s);padding-right:var(--wp--preset--spacing--m);padding-bottom:var(--wp--preset--spacing--s);padding-left:var(--wp--preset--spacing--m)\">\n<p class=\"has-primary-color has-text-color has-m-font-size\"><strong><strong>Istedi\u011finiz takdirde, sizleri&nbsp; lezbiyen, e\u015fcinsel, biseks\u00fcel, trans ve \u0131nterseks\u00fcell s\u0131\u011f\u0131nmac\u0131lara hizmet veren bar\u0131nma merkezlerimize y\u00f6nlendirebiliriz.<\/strong><\/strong><\/p>\n<\/div>\n<\/div>\n<\/div>\n\n\n\n<div class=\"wp-block-group has-custom-color-1-background-color has-background is-vertical is-layout-flex wp-container-core-group-is-layout-cf91af71 wp-block-group-is-layout-flex\" style=\"border-radius:25px;padding-top:var(--wp--preset--spacing--s);padding-right:0;padding-bottom:var(--wp--preset--spacing--s);padding-left:0\">\n<div class=\"wp-block-columns is-layout-flex wp-container-core-columns-is-layout-28f84493 wp-block-columns-is-layout-flex\">\n<div class=\"wp-block-column is-layout-flow wp-block-column-is-layout-flow\" style=\"padding-top:var(--wp--preset--spacing--s);padding-right:var(--wp--preset--spacing--m);padding-bottom:var(--wp--preset--spacing--s);padding-left:var(--wp--preset--spacing--m)\">\n<p class=\"has-primary-color has-text-color has-m-font-size\"><strong><strong><strong>Istemeniz halinde, sizleri LGBTI* bireylerine y\u00f6nelik verilen sosyal, hukuki ve sa\u011fl\u0131k hizmetlerine y\u00f6nlendirebiliriz.<\/strong><\/strong><\/strong><\/p>\n<\/div>\n<\/div>\n<\/div>\n\n\n\n<div class=\"wp-block-group has-border-color has-custom-color-2-border-color has-base-background-color has-background is-vertical is-layout-flex wp-container-core-group-is-layout-cf91af71 wp-block-group-is-layout-flex\" style=\"border-width:3px;border-radius:25px;padding-top:var(--wp--preset--spacing--s);padding-right:0;padding-bottom:var(--wp--preset--spacing--s);padding-left:0\">\n<div class=\"wp-block-columns is-layout-flex wp-container-core-columns-is-layout-28f84493 wp-block-columns-is-layout-flex\">\n<div class=\"wp-block-column is-layout-flow wp-block-column-is-layout-flow\" style=\"padding-top:var(--wp--preset--spacing--s);padding-right:var(--wp--preset--spacing--m);padding-bottom:var(--wp--preset--spacing--s);padding-left:var(--wp--preset--spacing--m)\">\n<figure class=\"wp-block-image size-full is-resized\"><img loading=\"lazy\" decoding=\"async\" width=\"550\" height=\"528\" src=\"https:\/\/bns.berlin\/wp-content\/uploads\/2023\/11\/Schwulenberatung_Logo.png\" alt=\"Logo Schwulenberatung Berlin\" class=\"wp-image-4994\" style=\"width:230px\" srcset=\"https:\/\/bns.berlin\/wp-content\/uploads\/2023\/11\/Schwulenberatung_Logo.png 550w, https:\/\/bns.berlin\/wp-content\/uploads\/2023\/11\/Schwulenberatung_Logo-300x288.png 300w, https:\/\/bns.berlin\/wp-content\/uploads\/2023\/11\/Schwulenberatung_Logo-480x461.png 480w\" sizes=\"auto, (max-width: 550px) 100vw, 550px\" \/><\/figure>\n<\/div>\n<\/div>\n<\/div>\n<\/div>\n\n\n\n<div class=\"wp-block-column is-layout-flow wp-block-column-is-layout-flow\" style=\"padding-top:var(--wp--preset--spacing--m);padding-bottom:var(--wp--preset--spacing--m)\">\n<div class=\"wp-block-group has-border-color has-custom-color-2-border-color has-base-background-color has-background is-vertical is-layout-flex wp-container-core-group-is-layout-aedf0d0a wp-block-group-is-layout-flex\" style=\"border-width:3px;border-radius:25px;padding-top:var(--wp--preset--spacing--m);padding-right:var(--wp--preset--spacing--s);padding-bottom:var(--wp--preset--spacing--m);padding-left:var(--wp--preset--spacing--s)\">\n<h3 class=\"wp-block-heading is-style-screen-reader-text\" style=\"text-transform:none\">\u0130leti\u015fim Bilgileri Schwulenberatung Berlin<\/h3>\n\n\n\n<p class=\"info termine has-primary-color has-text-color has-link-color has-m-font-size wp-elements-1f46de647c2973b97607490790c9af39\" style=\"font-style:normal;font-weight:500\"><strong><strong><strong>Her Sal\u0131 ve Cuma g\u00fcn\u00fc saat 14:00 ile 18:00 aras\u0131nda \u2018Cafe Kuchus\u2019da randevusuz dan\u0131\u015fma hizmeti<\/strong><\/strong><\/strong><\/p>\n\n\n\n<h4 class=\"wp-block-heading is-style-screen-reader-text has-m-font-size\" style=\"letter-spacing:0.05em;text-transform:uppercase\">Telefon<\/h4>\n\n\n\n<p class=\"info telefon has-primary-color has-text-color has-link-color wp-elements-1d43422ca4ddad725964f15cb2a37537\" style=\"font-style:normal;font-weight:400\"><strong>Bu saatler aras\u0131nda gelemeyenler, Email \u00fczerinde randevu talep etmesini rica ediyoruz.<\/strong><\/p>\n\n\n\n<h4 class=\"wp-block-heading is-style-screen-reader-text has-m-font-size\" style=\"letter-spacing:0.05em;text-transform:uppercase\">E-posta<\/h4>\n\n\n\n<p class=\"info email has-primary-color has-text-color has-link-color wp-elements-36900ce5cb1bb8470433a24aaf7eb24a\" style=\"font-style:normal;font-weight:400\"><a href=\"mailto:refugees@sbberlin.info\">refugees@sbberlin.info<\/a><\/p>\n\n\n\n<h5 class=\"wp-block-heading is-style-screen-reader-text has-m-font-size\" style=\"letter-spacing:0.05em;text-transform:uppercase\">Dil Arac\u0131l\u0131\u011f\u0131yla \u0130leti\u015fim<\/h5>\n\n\n\n<p class=\"info sprache has-primary-color has-text-color has-link-color wp-elements-65052abd8cc2501abb2572ce34a894ad\" style=\"font-style:normal;font-weight:500\"><strong><strong><strong>Merkezimizde terc\u00fcmanlar\u0131m\u0131z haz\u0131r bulunmaktad\u0131r:&nbsp;<\/strong><\/strong><\/strong><\/p>\n\n\n\n<p class=\"info has-primary-color has-text-color has-link-color wp-elements-7c644bc16fa60846b86bc98fcaaae830\">\u0130nglizce, Frans\u0131zca, \u0130spanyolca, Rus\u00e7a, Arap\u00e7a, Darice\/Fars\u00e7a.<\/p>\n\n\n\n<p class=\"info has-primary-color has-text-color has-link-color wp-elements-ce5a95a276017f9e3a9719cfa88a9801\">Di\u011fer diller istek \u00fczerine m\u00fcmk\u00fcn olabilir.<\/p>\n\n\n\n<p class=\"info has-primary-color has-text-color has-link-color wp-elements-d415a12676bdd8439766400e7d1d361c\" style=\"font-style:normal;font-weight:400\">Dilerseniz anonim olarak da tavsiyelerde bulunabiliriz<br>O zaman bize isminizi belirtmeniz gerekmez.<\/p>\n\n\n\n<h4 class=\"wp-block-heading is-style-screen-reader-text has-m-font-size\" style=\"letter-spacing:0.05em;text-transform:uppercase\">Adres<\/h4>\n\n\n\n<p class=\"info adresse has-primary-color has-text-color has-link-color wp-elements-99983ad55fcfec074a8edc57743a0f49\" style=\"font-style:normal;font-weight:400\"><strong>Schwulenberatung Berlin gGmbH<\/strong><br>Wilhelmstrasse 115<br>10963 Berlin<\/p>\n\n\n\n<p class=\"info has-primary-color has-text-color has-link-color wp-elements-c397a6c08bc0f0d9a651735c5b714c2c\">\u2018Cafe Kuchus\u2019daki g\u00f6r\u00fc\u015fmeler herkese a\u00e7\u0131kt\u0131r.<\/p>\n\n\n\n<p class=\"info has-primary-color has-text-color has-link-color wp-elements-28082ae85d47519d42096c4fa850aa64\">\u00d6te taraftan dan\u0131\u015fmanl\u0131k hizmeti veren b\u00fct\u00fcn odalar\u0131n herkesi a\u00e7\u0131k de\u011fildir. \u0130htiya\u00e7 durumunda randevu talebiyle ba\u015fvuran ilgili ki\u015filer i\u00e7in dan\u0131\u015fmnl\u0131k hizmeti i\u00e7in oda rezerve edilir.<\/p>\n\n\n\n<ul class=\"is-style-no-bullets info has-primary-color has-text-color has-link-color wp-block-list wp-elements-a5af3441e3911d17dd4f924e1aaa5327\">\n<li style=\"margin-top:0;margin-bottom:0\"><img decoding=\"async\" vertical-align=\"middle\" width=\"18px\" src=\"https:\/\/bns.berlin\/wp-content\/uploads\/2023\/11\/S-Bahn.png\"> S-Bahn Anhalter Bahnhof<\/li>\n\n\n\n<li><img decoding=\"async\" vertical-align=\"middle\" width=\"18px\" src=\"https:\/\/bns.berlin\/wp-content\/uploads\/2023\/11\/U-Bahn.jpg\"> U-Bahn Kochstra\u00dfe<\/li>\n\n\n\n<li><img decoding=\"async\" vertical-align=\"middle\" width=\"18px\" src=\"https:\/\/bns.berlin\/wp-content\/uploads\/2023\/11\/bus25.png\"> Bus&nbsp;M29 Wilhelmstr.\/Kochstr.<\/li>\n<\/ul>\n\n\n\n<p class=\"has-primary-color has-text-color has-link-color wp-elements-c084eceae71337473431fbf44d143155\"><a href=\"https:\/\/www.google.com\/maps\/dir\/\/Schwulenberatung+Berlin,+Wilhelmstra%C3%9Fe+115,+10963+Berlin\/data=!4m6!4m5!1m1!4e2!1m2!1m1!1s0x47a851d2f64d2bc1:0x920a84227480fb83?ved=0ahUKEwi65oiWoKDfAhXH-qQKHeX9A1QQ48ADCCswAA\">GOOGLE MAPS ile YOL TAR\u0130F\u0130:<\/a><\/p>\n\n\n\n<h4 class=\"wp-block-heading is-style-screen-reader-text has-m-font-size\" style=\"letter-spacing:0.05em;text-transform:uppercase\">Ba\u011flant\u0131<\/h4>\n\n\n\n<p class=\"info web has-primary-color has-text-color has-link-color wp-elements-f61c9bd54419ac4da85f82226c361012\" style=\"font-style:normal;font-weight:400\"><strong>Merkezimizde ba\u015fka \u00f6nerilerimiz de var:<\/strong><br><a href=\"http:\/\/www.schwulenberatung.de\/angebote\/queer-refugees\/\">www.schwulenberatung.de\/angebote\/queer-refugees<\/a><\/p>\n<\/div>\n<\/div>\n<\/div>\n","protected":false},"excerpt":{"rendered":"<p>Mehr \u00fcber Schwulenberatung Berlin Oku<\/p>\n","protected":false},"author":12,"featured_media":0,"parent":0,"menu_order":0,"comment_status":"closed","ping_status":"closed","template":"wp-custom-template-no-intro-blue-background","meta":{"_coblocks_attr":"","_coblocks_dimensions":"","_coblocks_responsive_height":"","_coblocks_accordion_ie_support":"","inline_featured_image":false,"footnotes":""},"class_list":["post-6620","page","type-page","status-publish","hentry"],"_links":{"self":[{"href":"https:\/\/bns.berlin\/tr\/wp-json\/wp\/v2\/pages\/6620","targetHints":{"allow":["GET"]}}],"collection":[{"href":"https:\/\/bns.berlin\/tr\/wp-json\/wp\/v2\/pages"}],"about":[{"href":"https:\/\/bns.berlin\/tr\/wp-json\/wp\/v2\/types\/page"}],"author":[{"embeddable":true,"href":"https:\/\/bns.berlin\/tr\/wp-json\/wp\/v2\/users\/12"}],"replies":[{"embeddable":true,"href":"https:\/\/bns.berlin\/tr\/wp-json\/wp\/v2\/comments?post=6620"}],"version-history":[{"count":2,"href":"https:\/\/bns.berlin\/tr\/wp-json\/wp\/v2\/pages\/6620\/revisions"}],"predecessor-version":[{"id":7552,"href":"https:\/\/bns.berlin\/tr\/wp-json\/wp\/v2\/pages\/6620\/revisions\/7552"}],"wp:attachment":[{"href":"https:\/\/bns.berlin\/tr\/wp-json\/wp\/v2\/media?parent=6620"}],"curies":[{"name":"wp","href":"https:\/\/api.w.org\/{rel}","templated":true}]}}