{"id":6027,"date":"2023-12-25T16:20:37","date_gmt":"2023-12-25T15:20:37","guid":{"rendered":"https:\/\/bns.berlin\/?page_id=6027"},"modified":"2024-05-25T21:40:00","modified_gmt":"2024-05-25T19:40:00","slug":"xenion-et-zentrum-uberleben","status":"publish","type":"page","link":"https:\/\/bns.berlin\/fr\/je-souhaite-recevoir-des-conseils\/xenion-et-zentrum-uberleben\/","title":{"rendered":"Xenion et Zentrum \u00dcBERLEBEN"},"content":{"rendered":"\n<h1 class=\"wp-block-heading is-style-screen-reader-text\">Xenion und Zentrum \u00dcBERLEBEN<\/h1>\n\n\n\n<div class=\"wp-block-columns alignwide has-base-color has-primary-background-color has-text-color has-background has-link-color wp-elements-1 is-layout-flex wp-container-core-columns-is-layout-a61aca4f wp-block-columns-is-layout-flex\" style=\"border-radius:25px\">\n<div class=\"wp-block-column is-layout-flow wp-block-column-is-layout-flow\">\n<h2 class=\"wp-block-heading has-base-color has-text-color has-link-color has-xxxl-font-size wp-elements-2\" style=\"text-transform:none\">Xenion<\/h2>\n\n\n\n<p class=\"has-l-font-size wp-block-paragraph\">Centre sp\u00e9cialis\u00e9 pour les r\u00e9fugi\u00e9s traumatis\u00e9s et survivants de violences graves.<\/p>\n<\/div>\n<\/div>\n\n\n\n<div class=\"wp-block-columns alignwide is-layout-flex wp-container-core-columns-is-layout-f837014b wp-block-columns-is-layout-flex\" style=\"border-radius:25px;padding-right:0;padding-left:0\">\n<div class=\"wp-block-column has-base-background-color has-background is-layout-flow wp-block-column-is-layout-flow\" style=\"border-radius:25px\">\n<div class=\"wp-block-pb-accordion-item c-accordion__item js-accordion-item no-js akkordeon\" data-initially-open=\"false\" data-click-to-close=\"true\" data-auto-close=\"true\" data-scroll=\"false\" data-scroll-offset=\"0\"><h3 id=\"at-60270\" class=\"c-accordion__title js-accordion-controller\" role=\"button\">En savoir plus sur l&rsquo;association Xenion<\/h3><div id=\"ac-60270\" class=\"c-accordion__content\">\n<div class=\"wp-block-columns alignwide is-layout-flex wp-container-core-columns-is-layout-a61aca4f wp-block-columns-is-layout-flex\">\n<div class=\"wp-block-column is-layout-flow wp-block-column-is-layout-flow\">\n<div style=\"height:35px\" aria-hidden=\"true\" class=\"wp-block-spacer\"><\/div>\n\n\n\n<div id=\"readspeaker_button1\" class=\"rs_skip rsbtn rs_preserve\">\n    <a rel=\"nofollow\" class=\"rsbtn_play\" title=\"Pour \u00e9couter le texte, veuillez utiliser ReadSpeaker webReader\" href=\"https:\/\/app-eu.readspeaker.com\/cgi-bin\/rsent?customerid=14400&amp;lang=fr_fr&amp;readclass=xenion&amp;url=https:\/\/bns.berlin\/fr\/je-souhaite-recevoir-des-conseils\/xenion-et-zentrum-uberleben\/\">\n        <span class=\"rsbtn_left rsimg rspart\"><span class=\"rsbtn_text\"><span>\u00c9couter<\/span><\/span><\/span>\n        <span class=\"rsbtn_right rsimg rsplay rspart\"><\/span>\n    <\/a>\n<\/div>\n<\/div>\n<\/div>\n\n\n\n<div class=\"wp-block-columns alignwide xenion has-contrast-alt-color has-text-color has-link-color wp-elements-3 is-layout-flex wp-container-core-columns-is-layout-81500419 wp-block-columns-is-layout-flex\" style=\"border-radius:25px;margin-top:0;margin-bottom:0;padding-top:var(--wp--preset--spacing--s);padding-right:0;padding-bottom:var(--wp--preset--spacing--s);padding-left:0\">\n<div class=\"wp-block-column is-layout-flow wp-block-column-is-layout-flow\" style=\"padding-top:var(--wp--preset--spacing--m);padding-right:0;padding-bottom:var(--wp--preset--spacing--m);padding-left:0;flex-basis:60%\">\n<div class=\"wp-block-group has-custom-color-1-background-color has-background is-vertical is-layout-flex wp-container-core-group-is-layout-8bd2bb56 wp-block-group-is-layout-flex\" style=\"border-radius:25px;padding-top:var(--wp--preset--spacing--s);padding-right:0;padding-bottom:var(--wp--preset--spacing--s);padding-left:0\">\n<div class=\"wp-block-columns is-layout-flex wp-container-core-columns-is-layout-a61aca4f wp-block-columns-is-layout-flex\">\n<div class=\"wp-block-column is-layout-flow wp-block-column-is-layout-flow\" style=\"padding-top:var(--wp--preset--spacing--s);padding-right:var(--wp--preset--spacing--m);padding-bottom:var(--wp--preset--spacing--s);padding-left:var(--wp--preset--spacing--m)\">\n<h3 class=\"wp-block-heading has-primary-color has-text-color has-m-font-size\" style=\"letter-spacing:0.05em;text-transform:none\">Nous vous informons de vos droits et vous proposons notre assistance :<\/h3>\n\n\n\n<ul class=\"wp-block-list has-primary-color has-text-color has-link-color wp-elements-4\">\n<li>D\u00e9roulement de la proc\u00e9dure de demande d\u2019asile<\/li>\n\n\n\n<li>Interlocuteur\/ Interlocutrices pour l\u2019audition de la demande d\u2019asile<\/li>\n\n\n\n<li>D\u00e9tresse psychologique<\/li>\n\n\n\n<li>Violences graves et asile<\/li>\n<\/ul>\n<\/div>\n<\/div>\n<\/div>\n\n\n\n<div class=\"wp-block-group has-custom-color-1-background-color has-background is-vertical is-layout-flex wp-container-core-group-is-layout-8bd2bb56 wp-block-group-is-layout-flex\" style=\"border-radius:25px;padding-top:var(--wp--preset--spacing--s);padding-right:0;padding-bottom:var(--wp--preset--spacing--s);padding-left:0\">\n<div class=\"wp-block-columns is-layout-flex wp-container-core-columns-is-layout-a61aca4f wp-block-columns-is-layout-flex\">\n<div class=\"wp-block-column is-layout-flow wp-block-column-is-layout-flow\" style=\"padding-top:var(--wp--preset--spacing--s);padding-right:var(--wp--preset--spacing--m);padding-bottom:var(--wp--preset--spacing--s);padding-left:var(--wp--preset--spacing--m)\">\n<h3 class=\"wp-block-heading has-primary-color has-text-color has-m-font-size\" style=\"letter-spacing:0.05em;text-transform:none\">Nous d\u00e9terminons ensemble l\u2019aide qu\u2019il vous faut, par ex. :<\/h3>\n\n\n\n<ul class=\"wp-block-list has-primary-color has-text-color has-link-color wp-elements-5\">\n<li>Aide psychoth\u00e9rapeutique<\/li>\n\n\n\n<li>Aide psychiatrique<\/li>\n\n\n\n<li>Aide psychosociale<\/li>\n\n\n\n<li>Aide \u00e0 l\u2019int\u00e9gration<\/li>\n<\/ul>\n<\/div>\n<\/div>\n<\/div>\n\n\n\n<div class=\"wp-block-group has-custom-color-1-background-color has-background is-vertical is-layout-flex wp-container-core-group-is-layout-8bd2bb56 wp-block-group-is-layout-flex\" style=\"border-radius:25px;padding-top:var(--wp--preset--spacing--s);padding-right:0;padding-bottom:var(--wp--preset--spacing--s);padding-left:0\">\n<div class=\"wp-block-columns is-layout-flex wp-container-core-columns-is-layout-a61aca4f wp-block-columns-is-layout-flex\">\n<div class=\"wp-block-column is-layout-flow wp-block-column-is-layout-flow\" style=\"padding-top:var(--wp--preset--spacing--s);padding-right:var(--wp--preset--spacing--m);padding-bottom:var(--wp--preset--spacing--s);padding-left:var(--wp--preset--spacing--m)\">\n<h3 class=\"wp-block-heading has-primary-color has-text-color has-m-font-size\" style=\"letter-spacing:0.05em;text-transform:none\">Nous vous assistons dans vos d\u00e9marches, par ex. :<\/h3>\n\n\n\n<ul class=\"wp-block-list has-primary-color has-text-color has-link-color wp-elements-6\">\n<li>Psychoth\u00e9rapie<\/li>\n\n\n\n<li>Prestations familiales (aide \u00e0 l\u2019\u00e9ducation)<\/li>\n\n\n\n<li>Aides sociales<\/li>\n<\/ul>\n<\/div>\n<\/div>\n<\/div>\n\n\n\n<div class=\"wp-block-group has-custom-color-1-background-color has-background is-vertical is-layout-flex wp-container-core-group-is-layout-8bd2bb56 wp-block-group-is-layout-flex\" style=\"border-radius:25px;padding-top:var(--wp--preset--spacing--s);padding-right:0;padding-bottom:var(--wp--preset--spacing--s);padding-left:0\">\n<div class=\"wp-block-columns is-layout-flex wp-container-core-columns-is-layout-a61aca4f wp-block-columns-is-layout-flex\">\n<div class=\"wp-block-column is-layout-flow wp-block-column-is-layout-flow\" style=\"padding-top:var(--wp--preset--spacing--s);padding-right:var(--wp--preset--spacing--m);padding-bottom:var(--wp--preset--spacing--s);padding-left:var(--wp--preset--spacing--m)\">\n<h3 class=\"wp-block-heading has-primary-color has-text-color has-m-font-size\" style=\"letter-spacing:0.05em;text-transform:none\">Nous vous assistons dans la communication, par ex. :<\/h3>\n\n\n\n<ul class=\"wp-block-list has-primary-color has-text-color has-link-color wp-elements-7\">\n<li>LAF<\/li>\n\n\n\n<li>Offices d\u2019arrondissement<\/li>\n\n\n\n<li>Service de l\u00b4immigration<\/li>\n\n\n\n<li>BAMF<\/li>\n<\/ul>\n<\/div>\n<\/div>\n<\/div>\n\n\n\n<div class=\"wp-block-group has-custom-color-1-background-color has-background is-vertical is-layout-flex wp-container-core-group-is-layout-8bd2bb56 wp-block-group-is-layout-flex\" style=\"border-radius:25px;padding-top:var(--wp--preset--spacing--s);padding-right:0;padding-bottom:var(--wp--preset--spacing--s);padding-left:0\">\n<div class=\"wp-block-columns is-layout-flex wp-container-core-columns-is-layout-a61aca4f wp-block-columns-is-layout-flex\">\n<div class=\"wp-block-column is-layout-flow wp-block-column-is-layout-flow\" style=\"padding-top:var(--wp--preset--spacing--s);padding-right:var(--wp--preset--spacing--m);padding-bottom:var(--wp--preset--spacing--s);padding-left:var(--wp--preset--spacing--m)\">\n<p class=\"has-primary-color has-text-color has-m-font-size wp-block-paragraph\"><strong>Nous vous conseillons quant \u00e0 votre situation d\u2019h\u00e9bergement (place en foyer).<\/strong><\/p>\n<\/div>\n<\/div>\n<\/div>\n\n\n\n<div class=\"wp-block-group has-custom-color-1-background-color has-background is-vertical is-layout-flex wp-container-core-group-is-layout-8bd2bb56 wp-block-group-is-layout-flex\" style=\"border-radius:25px;padding-top:var(--wp--preset--spacing--s);padding-right:0;padding-bottom:var(--wp--preset--spacing--s);padding-left:0\">\n<div class=\"wp-block-columns is-layout-flex wp-container-core-columns-is-layout-a61aca4f wp-block-columns-is-layout-flex\">\n<div class=\"wp-block-column is-layout-flow wp-block-column-is-layout-flow\" style=\"padding-top:var(--wp--preset--spacing--s);padding-right:var(--wp--preset--spacing--m);padding-bottom:var(--wp--preset--spacing--s);padding-left:var(--wp--preset--spacing--m)\">\n<p class=\"has-primary-color has-text-color has-m-font-size wp-block-paragraph\"><strong>Nous vous dirigeons vers des offres sociales, juridiques et sanitaires, si vous le souhaitez.<\/strong><\/p>\n<\/div>\n<\/div>\n<\/div>\n\n\n\n<div class=\"wp-block-group has-border-color has-custom-color-2-border-color has-base-background-color has-background is-vertical is-layout-flex wp-container-core-group-is-layout-8bd2bb56 wp-block-group-is-layout-flex\" style=\"border-width:3px;border-radius:25px;padding-top:var(--wp--preset--spacing--s);padding-right:0;padding-bottom:var(--wp--preset--spacing--s);padding-left:0\">\n<div class=\"wp-block-columns is-layout-flex wp-container-core-columns-is-layout-a61aca4f wp-block-columns-is-layout-flex\">\n<div class=\"wp-block-column is-layout-flow wp-block-column-is-layout-flow\" style=\"padding-top:var(--wp--preset--spacing--s);padding-right:var(--wp--preset--spacing--m);padding-bottom:var(--wp--preset--spacing--s);padding-left:var(--wp--preset--spacing--m)\">\n<figure class=\"wp-block-image size-full is-resized\"><img loading=\"lazy\" decoding=\"async\" width=\"472\" height=\"591\" src=\"https:\/\/bns.berlin\/wp-content\/uploads\/2023\/11\/xenion_logo_neu.png\" alt=\"\" class=\"wp-image-9714\" style=\"width:123px\" srcset=\"https:\/\/bns.berlin\/wp-content\/uploads\/2023\/11\/xenion_logo_neu.png 472w, https:\/\/bns.berlin\/wp-content\/uploads\/2023\/11\/xenion_logo_neu-240x300.png 240w\" sizes=\"auto, (max-width: 472px) 100vw, 472px\" \/><\/figure>\n<\/div>\n<\/div>\n<\/div>\n<\/div>\n\n\n\n<div class=\"wp-block-column is-layout-flow wp-block-column-is-layout-flow\" style=\"padding-top:var(--wp--preset--spacing--m);padding-bottom:var(--wp--preset--spacing--m)\">\n<div class=\"wp-block-group has-border-color has-custom-color-2-border-color has-base-background-color has-background is-vertical is-layout-flex wp-container-core-group-is-layout-064b3fbe wp-block-group-is-layout-flex\" style=\"border-width:3px;border-radius:25px;padding-top:var(--wp--preset--spacing--m);padding-right:var(--wp--preset--spacing--s);padding-bottom:var(--wp--preset--spacing--m);padding-left:var(--wp--preset--spacing--s)\">\n<h3 class=\"wp-block-heading is-style-screen-reader-text\" style=\"text-transform:none\">Contact Xenion<\/h3>\n\n\n\n<p class=\"info termine has-primary-color has-text-color has-link-color has-m-font-size wp-elements-8 wp-block-paragraph\" style=\"font-style:normal;font-weight:500\"><strong>Contactez-nous et dites-nous ce dont vous avez besoin.<\/strong><\/p>\n\n\n\n<p class=\"info has-primary-color has-text-color has-link-color has-m-font-size wp-elements-9 wp-block-paragraph\" style=\"font-style:normal;font-weight:500\"><strong><strong>Les rendez-vous doivent \u00eatre pris par t\u00e9l\u00e9phone ou par e-mail&nbsp;:<\/strong><\/strong><\/p>\n\n\n\n<h4 class=\"wp-block-heading is-style-screen-reader-text has-m-font-size\" style=\"letter-spacing:0.05em;text-transform:uppercase\">T\u00e9l\u00e9phone<\/h4>\n\n\n\n<ul class=\"wp-block-list info telefon is-style-no-bullets has-primary-color has-text-color has-link-color wp-elements-10\">\n<li><a href=\"tel:+4930880667322\"><strong>030 \/ 880 66 73 22<\/strong><\/a><\/li>\n\n\n\n<li>Lundi au jeudi<\/li>\n\n\n\n<li>10 \u00e0 12 heures<\/li>\n<\/ul>\n\n\n\n<h4 class=\"wp-block-heading is-style-screen-reader-text has-m-font-size\" style=\"letter-spacing:0.05em;text-transform:uppercase\">E-Mail<\/h4>\n\n\n\n<ul style=\"color:#005ba8\" class=\"wp-block-list info email is-style-no-bullets\">\n<li><strong>Demandes de consultation:<\/strong> <br><a href=\"mailto:info@xenion.org\">info@xenion.org<\/a><\/li>\n\n\n\n<li><strong>Coordination du projet:<\/strong><br><a href=\"mailto:bns@xenion.org\">bns@xenion.org<\/a><\/li>\n<\/ul>\n\n\n\n<h4 class=\"wp-block-heading is-style-screen-reader-text has-m-font-size\" style=\"letter-spacing:0.05em;text-transform:uppercase\">M\u00e9diation linguistique<\/h4>\n\n\n\n<p class=\"info sprache has-primary-color has-text-color has-link-color wp-elements-11 wp-block-paragraph\" style=\"font-style:normal;font-weight:500\"><strong><strong>Nous vous assistons dans plusieurs langues.<\/strong><\/strong><\/p>\n\n\n\n<p class=\"info has-primary-color has-text-color has-link-color wp-elements-12 wp-block-paragraph\" style=\"font-style:normal;font-weight:400\">Si vous le souhaitez, nous pouvons \u00e9galement vous conseiller de mani\u00e8re anonyme. Dans ce cas, vous n\u2019avez pas \u00e0 nous donner votre nom.<\/p>\n\n\n\n<h4 class=\"wp-block-heading is-style-screen-reader-text has-m-font-size\" style=\"letter-spacing:0.05em;text-transform:uppercase\">Adresse<\/h4>\n\n\n\n<p class=\"info adresse has-primary-color has-text-color has-link-color wp-elements-13 wp-block-paragraph\" style=\"font-style:normal;font-weight:400\"><strong>Xenion &#8211; Psychosoziale Hilfen f\u00fcr politisch Verfolgte e.V.<\/strong><br>Paulsenstrasse 55\/56<br>12163 Berlin<\/p>\n\n\n\n<p class=\"info has-primary-color has-text-color has-link-color wp-elements-14 wp-block-paragraph\" style=\"font-style:normal;font-weight:400\">Dudenstra\u00dfe 78<br>10965 Berlin<\/p>\n\n\n\n<p class=\"info has-primary-color has-text-color has-link-color wp-elements-15 wp-block-paragraph\">Nos locaux sont accessibles aux personnes \u00e0 mobilit\u00e9 r\u00e9duite.<\/p>\n\n\n\n<ul class=\"wp-block-list is-style-no-bullets info has-primary-color has-text-color has-link-color wp-elements-16\">\n<li style=\"margin-top:0;margin-bottom:0\"><img decoding=\"async\" vertical-align=\"middle\" src=\"https:\/\/bns.berlin\/wp-content\/uploads\/2023\/11\/S-Bahn.png\" width=\"18px\"> S-Bahn Rathaus Steglitz<\/li>\n\n\n\n<li><img decoding=\"async\" vertical-align=\"middle\" src=\"https:\/\/bns.berlin\/wp-content\/uploads\/2023\/11\/U-Bahn.jpg\" width=\"18px\"> U-Bahn Rathaus Steglitz<\/li>\n\n\n\n<li><img decoding=\"async\" vertical-align=\"middle\" src=\"https:\/\/bns.berlin\/wp-content\/uploads\/2023\/11\/bus25.png\" width=\"18px\"> Bus X83 Schmidt-Ott-Stra\u00dfe<\/li>\n<\/ul>\n\n\n\n<p class=\"info has-primary-color has-text-color has-link-color wp-elements-17 wp-block-paragraph\"><a href=\"https:\/\/www.google.com\/maps\/dir\/\/XENION+-+Psychosoziale+Hilfen+f%C3%BCr+politisch+Verfolgte+e.V.,+Paulsenstra%C3%9Fe+55,+12163+Berlin\/@52.4604786,13.3083487,17z\/data=!4m16!1m6!3m5!1s0x47a85a7c3685e92f:0x1842f74f28669fd4!2sXENION+-+Psychosoziale+Hilfen+f%C3%BCr+politisch+Verfolgte+e.V.!8m2!3d52.4604786!4d13.3105374!4m8!1m0!1m5!1m1!1s0x47a85a7c3685e92f:0x1842f74f28669fd4!2m2!1d13.3105374!2d52.4604786!3e3\" target=\"_blank\" rel=\"noreferrer noopener\">Itin\u00e9raire par Google Maps<\/a><\/p>\n\n\n\n<h4 class=\"wp-block-heading is-style-screen-reader-text has-m-font-size\" style=\"letter-spacing:0.05em;text-transform:uppercase\">Link<\/h4>\n\n\n\n<p class=\"info web has-primary-color has-text-color has-link-color wp-elements-18 wp-block-paragraph\" style=\"font-style:normal;font-weight:400\"><strong>Retrouvez nos offres additionnelles dans notre organisation sur :<\/strong><br><a href=\"http:\/\/www.xenion.org\/\" target=\"_blank\" rel=\"noreferrer noopener\">www.xenion.org<\/a><\/p>\n<\/div>\n<\/div>\n<\/div>\n<\/div><\/div>\n<\/div>\n<\/div>\n\n\n\n<div class=\"wp-block-columns alignwide has-base-color has-primary-background-color has-text-color has-background has-link-color wp-elements-19 is-layout-flex wp-container-core-columns-is-layout-a61aca4f wp-block-columns-is-layout-flex\" style=\"border-radius:25px\">\n<div class=\"wp-block-column is-layout-flow wp-block-column-is-layout-flow\">\n<h2 class=\"wp-block-heading has-base-color has-text-color has-link-color has-xxxl-font-size wp-elements-20\" style=\"text-transform:none\">Zentrum \u00dcBERLEBEN<\/h2>\n\n\n\n<p class=\"has-l-font-size wp-block-paragraph\">Services sp\u00e9cialis\u00e9s pour les r\u00e9fugi\u00e9.e.s traumatis\u00e9.es et les victimes de violences graves<\/p>\n<\/div>\n<\/div>\n\n\n\n<div class=\"wp-block-columns alignwide is-layout-flex wp-container-core-columns-is-layout-f837014b wp-block-columns-is-layout-flex\" style=\"border-radius:25px;padding-right:0;padding-left:0\">\n<div class=\"wp-block-column has-base-background-color has-background is-layout-flow wp-block-column-is-layout-flow\" style=\"border-radius:25px\">\n<div class=\"wp-block-pb-accordion-item c-accordion__item js-accordion-item no-js akkordeon\" data-initially-open=\"false\" data-click-to-close=\"true\" data-auto-close=\"true\" data-scroll=\"false\" data-scroll-offset=\"0\"><h3 id=\"at-60271\" class=\"c-accordion__title js-accordion-controller\" role=\"button\">En savoir plus sur l&rsquo;association Zentrum \u00dcBERLEBEN<\/h3><div id=\"ac-60271\" class=\"c-accordion__content\">\n<div class=\"wp-block-columns alignwide is-layout-flex wp-container-core-columns-is-layout-a61aca4f wp-block-columns-is-layout-flex\">\n<div class=\"wp-block-column is-layout-flow wp-block-column-is-layout-flow\">\n<div style=\"height:35px\" aria-hidden=\"true\" class=\"wp-block-spacer\"><\/div>\n\n\n\n<div id=\"readspeaker_button1\" class=\"rs_skip rsbtn rs_preserve\">\n    <a rel=\"nofollow\" class=\"rsbtn_play\" title=\"Pour \u00e9couter le texte, veuillez utiliser ReadSpeaker webReader\" href=\"https:\/\/app-eu.readspeaker.com\/cgi-bin\/rsent?customerid=14400&amp;lang=fr_fr&amp;readclass=zentrum&amp;url=https:\/\/bns.berlin\/fr\/je-souhaite-recevoir-des-conseils\/xenion-et-zentrum-uberleben\/\">\n        <span class=\"rsbtn_left rsimg rspart\"><span class=\"rsbtn_text\"><span>\u00c9couter<\/span><\/span><\/span>\n        <span class=\"rsbtn_right rsimg rsplay rspart\"><\/span>\n    <\/a>\n<\/div>\n<\/div>\n<\/div>\n\n\n\n<div class=\"wp-block-columns alignwide zentrum has-contrast-alt-color has-text-color has-link-color wp-elements-21 is-layout-flex wp-container-core-columns-is-layout-81500419 wp-block-columns-is-layout-flex\" style=\"border-radius:25px;margin-top:0;margin-bottom:0;padding-top:var(--wp--preset--spacing--s);padding-right:0;padding-bottom:var(--wp--preset--spacing--s);padding-left:0\">\n<div class=\"wp-block-column is-layout-flow wp-block-column-is-layout-flow\" style=\"padding-top:var(--wp--preset--spacing--m);padding-right:0;padding-bottom:var(--wp--preset--spacing--m);padding-left:0;flex-basis:60%\">\n<div class=\"wp-block-group has-custom-color-1-background-color has-background is-vertical is-layout-flex wp-container-core-group-is-layout-8bd2bb56 wp-block-group-is-layout-flex\" style=\"border-radius:25px;padding-top:var(--wp--preset--spacing--s);padding-right:0;padding-bottom:var(--wp--preset--spacing--s);padding-left:0\">\n<div class=\"wp-block-columns is-layout-flex wp-container-core-columns-is-layout-a61aca4f wp-block-columns-is-layout-flex\">\n<div class=\"wp-block-column is-layout-flow wp-block-column-is-layout-flow\" style=\"padding-top:var(--wp--preset--spacing--s);padding-right:var(--wp--preset--spacing--m);padding-bottom:var(--wp--preset--spacing--s);padding-left:var(--wp--preset--spacing--m)\">\n<h4 class=\"wp-block-heading has-primary-color has-text-color has-m-font-size\" style=\"letter-spacing:0.05em;text-transform:none\">Nous vous informons de vos droits et vous proposons notre assistance, par ex. :<\/h4>\n\n\n\n<ul class=\"wp-block-list has-primary-color has-text-color has-link-color wp-elements-22\">\n<li>D\u00e9roulement de la proc\u00e9dure de demande d\u2019asile<\/li>\n\n\n\n<li>Interlocuteur\/ Interlocutrices pour la audition dans le demande d\u2019asile<\/li>\n<\/ul>\n\n\n\n<p class=\"has-primary-color has-text-color has-link-color wp-elements-23 wp-block-paragraph\"><strong><strong>Nous conseillons et venons en aide aux adultes, enfants et adolescent.es.<\/strong><\/strong><\/p>\n<\/div>\n<\/div>\n<\/div>\n\n\n\n<div class=\"wp-block-group has-custom-color-1-background-color has-background is-vertical is-layout-flex wp-container-core-group-is-layout-8bd2bb56 wp-block-group-is-layout-flex\" style=\"border-radius:25px;padding-top:var(--wp--preset--spacing--s);padding-right:0;padding-bottom:var(--wp--preset--spacing--s);padding-left:0\">\n<div class=\"wp-block-columns is-layout-flex wp-container-core-columns-is-layout-a61aca4f wp-block-columns-is-layout-flex\">\n<div class=\"wp-block-column is-layout-flow wp-block-column-is-layout-flow\" style=\"padding-top:var(--wp--preset--spacing--s);padding-right:var(--wp--preset--spacing--m);padding-bottom:var(--wp--preset--spacing--s);padding-left:var(--wp--preset--spacing--m)\">\n<h4 class=\"wp-block-heading has-primary-color has-text-color has-m-font-size\" style=\"letter-spacing:0.05em;text-transform:none\">Nous d\u00e9terminons ensemble l\u2019aide qu\u2019il vous faut en cas de d\u00e9tresse psychologique, par ex. :<\/h4>\n\n\n\n<ul class=\"wp-block-list has-primary-color has-text-color has-link-color wp-elements-24\">\n<li>Aide psychoth\u00e9rapeutique<\/li>\n\n\n\n<li>Aide psychiatrique<\/li>\n\n\n\n<li>Aide psychosociale<\/li>\n\n\n\n<li>Aide \u00e0 l\u2019int\u00e9gration<\/li>\n<\/ul>\n<\/div>\n<\/div>\n<\/div>\n\n\n\n<div class=\"wp-block-group has-custom-color-1-background-color has-background is-vertical is-layout-flex wp-container-core-group-is-layout-8bd2bb56 wp-block-group-is-layout-flex\" style=\"border-radius:25px;padding-top:var(--wp--preset--spacing--s);padding-right:0;padding-bottom:var(--wp--preset--spacing--s);padding-left:0\">\n<div class=\"wp-block-columns is-layout-flex wp-container-core-columns-is-layout-a61aca4f wp-block-columns-is-layout-flex\">\n<div class=\"wp-block-column is-layout-flow wp-block-column-is-layout-flow\" style=\"padding-top:var(--wp--preset--spacing--s);padding-right:var(--wp--preset--spacing--m);padding-bottom:var(--wp--preset--spacing--s);padding-left:var(--wp--preset--spacing--m)\">\n<h4 class=\"wp-block-heading has-primary-color has-text-color has-m-font-size\" style=\"letter-spacing:0.05em;text-transform:none\">Nous vous assistons dans vos d\u00e9marches, par ex. :<\/h4>\n\n\n\n<ul class=\"wp-block-list has-primary-color has-text-color has-link-color wp-elements-25\">\n<li>Psychoth\u00e9rapie<\/li>\n\n\n\n<li>Prestations familiales (aide \u00e0 l\u2019\u00e9ducation)<\/li>\n\n\n\n<li>Aides sociales<\/li>\n<\/ul>\n<\/div>\n<\/div>\n<\/div>\n\n\n\n<div class=\"wp-block-group has-custom-color-1-background-color has-background is-vertical is-layout-flex wp-container-core-group-is-layout-8bd2bb56 wp-block-group-is-layout-flex\" style=\"border-radius:25px;padding-top:var(--wp--preset--spacing--s);padding-right:0;padding-bottom:var(--wp--preset--spacing--s);padding-left:0\">\n<div class=\"wp-block-columns is-layout-flex wp-container-core-columns-is-layout-a61aca4f wp-block-columns-is-layout-flex\">\n<div class=\"wp-block-column is-layout-flow wp-block-column-is-layout-flow\" style=\"padding-top:var(--wp--preset--spacing--s);padding-right:var(--wp--preset--spacing--m);padding-bottom:var(--wp--preset--spacing--s);padding-left:var(--wp--preset--spacing--m)\">\n<h4 class=\"wp-block-heading has-primary-color has-text-color has-m-font-size\" style=\"letter-spacing:0.05em;text-transform:none\">Nous vous assistons dans la communication, par ex. :<\/h4>\n\n\n\n<ul class=\"wp-block-list has-primary-color has-text-color has-link-color wp-elements-26\">\n<li>LAF<\/li>\n\n\n\n<li>Offices d\u2019arrondissement<\/li>\n\n\n\n<li>Services charg\u00e9s des \u00e9trangers<\/li>\n\n\n\n<li>BAMF<\/li>\n<\/ul>\n<\/div>\n<\/div>\n<\/div>\n\n\n\n<div class=\"wp-block-group has-custom-color-1-background-color has-background is-vertical is-layout-flex wp-container-core-group-is-layout-8bd2bb56 wp-block-group-is-layout-flex\" style=\"border-radius:25px;padding-top:var(--wp--preset--spacing--s);padding-right:0;padding-bottom:var(--wp--preset--spacing--s);padding-left:0\">\n<div class=\"wp-block-columns is-layout-flex wp-container-core-columns-is-layout-a61aca4f wp-block-columns-is-layout-flex\">\n<div class=\"wp-block-column is-layout-flow wp-block-column-is-layout-flow\" style=\"padding-top:var(--wp--preset--spacing--s);padding-right:var(--wp--preset--spacing--m);padding-bottom:var(--wp--preset--spacing--s);padding-left:var(--wp--preset--spacing--m)\">\n<p class=\"has-primary-color has-text-color has-m-font-size wp-block-paragraph\"><strong><strong>Nous vous conseillons quant \u00e0 votre situation d\u2019h\u00e9bergement (place en foyer).<\/strong><\/strong><\/p>\n<\/div>\n<\/div>\n<\/div>\n\n\n\n<div class=\"wp-block-group has-custom-color-1-background-color has-background is-vertical is-layout-flex wp-container-core-group-is-layout-8bd2bb56 wp-block-group-is-layout-flex\" style=\"border-radius:25px;padding-top:var(--wp--preset--spacing--s);padding-right:0;padding-bottom:var(--wp--preset--spacing--s);padding-left:0\">\n<div class=\"wp-block-columns is-layout-flex wp-container-core-columns-is-layout-a61aca4f wp-block-columns-is-layout-flex\">\n<div class=\"wp-block-column is-layout-flow wp-block-column-is-layout-flow\" style=\"padding-top:var(--wp--preset--spacing--s);padding-right:var(--wp--preset--spacing--m);padding-bottom:var(--wp--preset--spacing--s);padding-left:var(--wp--preset--spacing--m)\">\n<h4 class=\"wp-block-heading has-primary-color has-text-color has-m-font-size\"><strong>Nous vous dirigeons vers des offres sociales, juridiques et sanitaires, si vous le souhaitez.<\/strong><\/h4>\n\n\n\n<ul style=\"color:#005ba8\" class=\"wp-block-list\">\n<li>Aide \u00e0 l\u2019int\u00e9gration<\/li>\n\n\n\n<li>Assistance juridique<\/li>\n<\/ul>\n<\/div>\n<\/div>\n<\/div>\n\n\n\n<div class=\"wp-block-group has-border-color has-custom-color-2-border-color has-base-background-color has-background is-vertical is-layout-flex wp-container-core-group-is-layout-8bd2bb56 wp-block-group-is-layout-flex\" style=\"border-width:3px;border-radius:25px;padding-top:var(--wp--preset--spacing--s);padding-right:0;padding-bottom:var(--wp--preset--spacing--s);padding-left:0\">\n<div class=\"wp-block-columns is-layout-flex wp-container-core-columns-is-layout-a61aca4f wp-block-columns-is-layout-flex\">\n<div class=\"wp-block-column is-layout-flow wp-block-column-is-layout-flow\" style=\"border-radius:25px;padding-top:var(--wp--preset--spacing--s);padding-right:var(--wp--preset--spacing--m);padding-bottom:var(--wp--preset--spacing--s);padding-left:var(--wp--preset--spacing--m)\">\n<figure class=\"wp-block-image size-full is-resized\"><img loading=\"lazy\" decoding=\"async\" width=\"561\" height=\"198\" src=\"https:\/\/bns.berlin\/wp-content\/uploads\/2023\/11\/image-3.png\" alt=\"\" class=\"wp-image-9734\" style=\"width:400px\" srcset=\"https:\/\/bns.berlin\/wp-content\/uploads\/2023\/11\/image-3.png 561w, https:\/\/bns.berlin\/wp-content\/uploads\/2023\/11\/image-3-300x106.png 300w, https:\/\/bns.berlin\/wp-content\/uploads\/2023\/11\/image-3-480x169.png 480w\" sizes=\"auto, (max-width: 561px) 100vw, 561px\" \/><\/figure>\n<\/div>\n<\/div>\n<\/div>\n<\/div>\n\n\n\n<div class=\"wp-block-column is-layout-flow wp-block-column-is-layout-flow\" style=\"padding-top:var(--wp--preset--spacing--m);padding-bottom:var(--wp--preset--spacing--m)\">\n<div class=\"wp-block-group has-border-color has-custom-color-2-border-color has-base-background-color has-background is-vertical is-layout-flex wp-container-core-group-is-layout-064b3fbe wp-block-group-is-layout-flex\" style=\"border-width:3px;border-radius:25px;padding-top:var(--wp--preset--spacing--m);padding-right:var(--wp--preset--spacing--s);padding-bottom:var(--wp--preset--spacing--m);padding-left:var(--wp--preset--spacing--s)\">\n<h4 class=\"wp-block-heading is-style-screen-reader-text\" style=\"text-transform:none\">Contact Zentrum \u00dcBERLEBEN<\/h4>\n\n\n\n<p class=\"info termine has-primary-color has-text-color has-link-color has-m-font-size wp-elements-27 wp-block-paragraph\" style=\"font-style:normal;font-weight:500\"><strong><strong>Contactez-nous et dites-nous ce dont vous avez besoin.<\/strong><\/strong><\/p>\n\n\n\n<p class=\"info has-primary-color has-text-color has-link-color has-m-font-size wp-elements-28 wp-block-paragraph\" style=\"font-style:normal;font-weight:500\"><strong>Les rendez-vous doivent \u00eatre pris par t\u00e9l\u00e9phone&nbsp;:<\/strong><\/p>\n\n\n\n<h5 class=\"wp-block-heading is-style-screen-reader-text has-m-font-size\" style=\"letter-spacing:0.05em;text-transform:uppercase\">T\u00e9l\u00e9phone<\/h5>\n\n\n\n<p class=\"info telefon has-primary-color has-text-color has-link-color wp-elements-29 wp-block-paragraph\" style=\"font-style:normal;font-weight:400\"><strong>Consultation t\u00e9l\u00e9phonique<\/strong><\/p>\n\n\n\n<ul style=\"margin-top:0;margin-bottom:0;padding-top:0;padding-bottom:0\" class=\"wp-block-list info is-style-no-bullets has-primary-color has-text-color has-link-color wp-elements-30\">\n<li>Lundi de 12:00 \u00e0 14:00<\/li>\n\n\n\n<li>Mercredi de 11:00 \u00e0 13:00<\/li>\n\n\n\n<li>T\u00e9l.: <a href=\"tel:+493030390669\">(030) 30 39 06 -69<\/a><\/li>\n<\/ul>\n\n\n\n<h5 class=\"wp-block-heading is-style-screen-reader-text has-m-font-size\" style=\"letter-spacing:0.05em;text-transform:uppercase\">E-Mail<\/h5>\n\n\n\n<p class=\"info email has-primary-color has-text-color has-link-color wp-elements-31 wp-block-paragraph\"><a href=\"mailto:bns@ueberleben.org\">bns@ueberleben.org<\/a><\/p>\n\n\n\n<h5 class=\"wp-block-heading is-style-screen-reader-text has-m-font-size\" style=\"letter-spacing:0.05em;text-transform:uppercase\">M\u00e9diation linguistique<\/h5>\n\n\n\n<p class=\"info sprache has-primary-color has-text-color has-link-color wp-elements-32 wp-block-paragraph\" style=\"font-style:normal;font-weight:500\"><strong><strong>Nous vous assistons dans plusieurs langues.<\/strong><\/strong><\/p>\n\n\n\n<p class=\"info has-primary-color has-text-color has-link-color wp-elements-33 wp-block-paragraph\" style=\"font-style:normal;font-weight:400\">Si vous le souhaitez, nous pouvons \u00e9galement vous conseiller de mani\u00e8re anonyme. Dans ce cas, vous n\u2019avez pas \u00e0 nous donner votre nom.<\/p>\n\n\n\n<h5 class=\"wp-block-heading is-style-screen-reader-text has-m-font-size\" style=\"letter-spacing:0.05em;text-transform:uppercase\">Adresse<\/h5>\n\n\n\n<p class=\"info adresse has-primary-color has-text-color has-link-color wp-elements-34 wp-block-paragraph\" style=\"font-style:normal;font-weight:400\"><strong>Zentrum \u00dcBERLEBEN gGmbH<\/strong><br>Turmstrasse 21<br>Haus K<br>10559 Berlin<\/p>\n\n\n\n<p class=\"info has-primary-color has-text-color has-link-color wp-elements-35 wp-block-paragraph\" style=\"font-style:normal;font-weight:400\">Nos locaux sont accessibles aux personnes \u00e0 mobilit\u00e9 r\u00e9duite.<\/p>\n\n\n\n<ul class=\"wp-block-list is-style-no-bullets info has-primary-color has-text-color has-link-color wp-elements-36\">\n<li style=\"margin-top:0;margin-bottom:0\"><img decoding=\"async\" vertical-align=\"middle\" width=\"18px\" src=\"https:\/\/bns.berlin\/wp-content\/uploads\/2023\/11\/S-Bahn.png\"> S-Bahn Bellevue<\/li>\n\n\n\n<li><img decoding=\"async\" vertical-align=\"middle\" width=\"18px\" src=\"https:\/\/bns.berlin\/wp-content\/uploads\/2023\/11\/U-Bahn.jpg\"> U-Bahn Turmstra\u00dfe<\/li>\n\n\n\n<li><img decoding=\"async\" vertical-align=\"middle\" width=\"18px\" src=\"https:\/\/bns.berlin\/wp-content\/uploads\/2023\/11\/bus25.png\"> Bus 101\/123\/187\/245 Turmstra\u00dfe\/L\u00fcbecker Stra\u00dfe<\/li>\n<\/ul>\n\n\n\n<p class=\"info has-primary-color has-text-color has-link-color wp-elements-37 wp-block-paragraph\"><a href=\"https:\/\/www.google.com\/maps\/dir\/\/Zentrum+%C3%9CBERLEBEN+gGmbH,+Turmstra%C3%9Fe+21,+10559+Berlin\/@52.5285438,13.3457398,17z\/data=!4m16!1m6!3m5!1s0x47a851879fbcfe85:0xcfcbd15f74ba45df!2sZentrum+%C3%9CBERLEBEN+gGmbH!8m2!3d52.5287294!4d13.3477701!4m8!1m0!1m5!1m1!1s0x47a851879fbcfe85:0xcfcbd15f74ba45df!2m2!1d13.3477701!2d52.5287294!3e3\">Itin\u00e9raire par Google Maps<\/a><\/p>\n\n\n\n<h5 class=\"wp-block-heading is-style-screen-reader-text has-m-font-size\" style=\"letter-spacing:0.05em;text-transform:uppercase\">Link<\/h5>\n\n\n\n<p class=\"info web has-primary-color has-text-color has-link-color wp-elements-38 wp-block-paragraph\" style=\"font-style:normal;font-weight:400\"><strong>Retrouvez nos offres additionnelles dans notre organisation sur :<\/strong><br><a href=\"http:\/\/www.ueberleben.org\/\" target=\"_blank\" rel=\"noreferrer noopener\">www.ueberleben.org<\/a><\/p>\n<\/div>\n<\/div>\n<\/div>\n<\/div><\/div>\n<\/div>\n<\/div>\n","protected":false},"excerpt":{"rendered":"<p>Xenion und Zentrum \u00dcBERLEBEN<\/p>\n","protected":false},"author":12,"featured_media":0,"parent":1478,"menu_order":0,"comment_status":"closed","ping_status":"closed","template":"wp-custom-template-no-intro-blue-background","meta":{"_coblocks_attr":"","_coblocks_dimensions":"","_coblocks_responsive_height":"","_coblocks_accordion_ie_support":"","inline_featured_image":false,"footnotes":""},"class_list":["post-6027","page","type-page","status-publish","hentry"],"_links":{"self":[{"href":"https:\/\/bns.berlin\/fr\/wp-json\/wp\/v2\/pages\/6027","targetHints":{"allow":["GET"]}}],"collection":[{"href":"https:\/\/bns.berlin\/fr\/wp-json\/wp\/v2\/pages"}],"about":[{"href":"https:\/\/bns.berlin\/fr\/wp-json\/wp\/v2\/types\/page"}],"author":[{"embeddable":true,"href":"https:\/\/bns.berlin\/fr\/wp-json\/wp\/v2\/users\/12"}],"replies":[{"embeddable":true,"href":"https:\/\/bns.berlin\/fr\/wp-json\/wp\/v2\/comments?post=6027"}],"version-history":[{"count":5,"href":"https:\/\/bns.berlin\/fr\/wp-json\/wp\/v2\/pages\/6027\/revisions"}],"predecessor-version":[{"id":7450,"href":"https:\/\/bns.berlin\/fr\/wp-json\/wp\/v2\/pages\/6027\/revisions\/7450"}],"up":[{"embeddable":true,"href":"https:\/\/bns.berlin\/fr\/wp-json\/wp\/v2\/pages\/1478"}],"wp:attachment":[{"href":"https:\/\/bns.berlin\/fr\/wp-json\/wp\/v2\/media?parent=6027"}],"curies":[{"name":"wp","href":"https:\/\/api.w.org\/{rel}","templated":true}]}}