{"id":6010,"date":"2023-12-25T16:17:43","date_gmt":"2023-12-25T15:17:43","guid":{"rendered":"https:\/\/bns.berlin\/?page_id=6010"},"modified":"2024-05-25T21:46:26","modified_gmt":"2024-05-25T19:46:26","slug":"kub","status":"publish","type":"page","link":"https:\/\/bns.berlin\/fr\/kub\/","title":{"rendered":"KuB"},"content":{"rendered":"\n<div class=\"wp-block-columns alignwide has-base-color has-primary-background-color has-text-color has-background has-link-color wp-elements-391aaec2922e4d4c49b02d4d1ce6b5eb is-layout-flex wp-container-core-columns-is-layout-28f84493 wp-block-columns-is-layout-flex\" style=\"border-radius:25px\">\n<div class=\"wp-block-column is-layout-flow wp-block-column-is-layout-flow\">\n<h1 class=\"wp-block-heading has-base-color has-text-color has-link-color has-xxxl-font-size wp-elements-29f1c36302d08ed75638db16d023f88f\" style=\"text-transform:none\">KuB<\/h1>\n\n\n\n<p class=\"has-l-font-size\">Centre sp\u00e9cialis\u00e9s pour parents \u00e9levant seuls leurs enfants, les femmes enceintes et victimes<\/p>\n<\/div>\n<\/div>\n\n\n\n<div class=\"wp-block-columns alignwide is-layout-flex wp-container-core-columns-is-layout-28f84493 wp-block-columns-is-layout-flex\">\n<div class=\"wp-block-column is-layout-flow wp-block-column-is-layout-flow\">\n<div style=\"height:35px\" aria-hidden=\"true\" class=\"wp-block-spacer\"><\/div>\n\n\n\n<div id=\"readspeaker_button1\" class=\"rs_skip rsbtn rs_preserve\">\n    <a rel=\"nofollow\" class=\"rsbtn_play\" title=\"Pour \u00e9couter le texte, veuillez utiliser ReadSpeaker webReader\" href=\"https:\/\/app-eu.readspeaker.com\/cgi-bin\/rsent?customerid=14400&amp;lang=fr_fr&amp;readclass=kub&amp;url=https:\/\/bns.berlin\/fr\/service-specialise\/kub\/\">\n        <span class=\"rsbtn_left rsimg rspart\"><span class=\"rsbtn_text\"><span>\u00c9couter<\/span><\/span><\/span>\n        <span class=\"rsbtn_right rsimg rsplay rspart\"><\/span>\n    <\/a>\n<\/div>\n<\/div>\n<\/div>\n\n\n\n<div class=\"wp-block-columns alignwide kub is-layout-flex wp-container-core-columns-is-layout-28f84493 wp-block-columns-is-layout-flex\">\n<div class=\"wp-block-column is-layout-flow wp-block-column-is-layout-flow\" style=\"padding-top:var(--wp--preset--spacing--m);padding-right:0;padding-bottom:var(--wp--preset--spacing--m);padding-left:0;flex-basis:60%\">\n<div class=\"wp-block-group has-custom-color-1-background-color has-background is-vertical is-layout-flex wp-container-core-group-is-layout-cf91af71 wp-block-group-is-layout-flex\" style=\"border-radius:25px;padding-top:var(--wp--preset--spacing--s);padding-right:0;padding-bottom:var(--wp--preset--spacing--s);padding-left:0\">\n<div class=\"wp-block-columns is-layout-flex wp-container-core-columns-is-layout-28f84493 wp-block-columns-is-layout-flex\">\n<div class=\"wp-block-column is-layout-flow wp-block-column-is-layout-flow\" style=\"padding-top:var(--wp--preset--spacing--s);padding-right:var(--wp--preset--spacing--m);padding-bottom:var(--wp--preset--spacing--s);padding-left:var(--wp--preset--spacing--m)\">\n<h3 class=\"wp-block-heading has-primary-color has-text-color has-m-font-size\" style=\"letter-spacing:0.05em;text-transform:none\">Wir informieren Sie \u00fcber Ihre Rechte und unterst\u00fctzen Sie, z.B.:<\/h3>\n\n\n\n<ul class=\"wp-block-list has-primary-color has-text-color has-link-color wp-elements-a6cc5715e5e797a202cbbbd5f87ac8d8\">\n<li>Ablauf des Asylverfahrens, Informationen zur Anh\u00f6rung<\/li>\n\n\n\n<li>Weibliche Anh\u00f6rer:in im Asylverfahren, weibliche \u00dcbersetzer:in<\/li>\n\n\n\n<li>Aufenthalt f\u00fcr Sie und Ihr Kind<\/li>\n\n\n\n<li>Geburtsurkunde f\u00fcr Ihr Kind<\/li>\n\n\n\n<li>Vaterschaftsanerkennung<\/li>\n\n\n\n<li>Gewalt zu Hause oder in Unterk\u00fcnften<\/li>\n<\/ul>\n<\/div>\n<\/div>\n<\/div>\n\n\n\n<div class=\"wp-block-group has-custom-color-1-background-color has-background is-vertical is-layout-flex wp-container-core-group-is-layout-cf91af71 wp-block-group-is-layout-flex\" style=\"border-radius:25px;padding-top:var(--wp--preset--spacing--s);padding-right:0;padding-bottom:var(--wp--preset--spacing--s);padding-left:0\">\n<div class=\"wp-block-columns is-layout-flex wp-container-core-columns-is-layout-28f84493 wp-block-columns-is-layout-flex\">\n<div class=\"wp-block-column is-layout-flow wp-block-column-is-layout-flow\" style=\"padding-top:var(--wp--preset--spacing--s);padding-right:var(--wp--preset--spacing--m);padding-bottom:var(--wp--preset--spacing--s);padding-left:var(--wp--preset--spacing--m)\">\n<p class=\"has-primary-color has-text-color has-m-font-size\"><strong>Wir ermitteln gemeinsam die passende Hilfe f\u00fcr Sie.<\/strong><\/p>\n<\/div>\n<\/div>\n<\/div>\n\n\n\n<div class=\"wp-block-group has-custom-color-1-background-color has-background is-vertical is-layout-flex wp-container-core-group-is-layout-cf91af71 wp-block-group-is-layout-flex\" style=\"border-radius:25px;padding-top:var(--wp--preset--spacing--s);padding-right:0;padding-bottom:var(--wp--preset--spacing--s);padding-left:0\">\n<div class=\"wp-block-columns is-layout-flex wp-container-core-columns-is-layout-28f84493 wp-block-columns-is-layout-flex\">\n<div class=\"wp-block-column is-layout-flow wp-block-column-is-layout-flow\" style=\"padding-top:var(--wp--preset--spacing--s);padding-right:var(--wp--preset--spacing--m);padding-bottom:var(--wp--preset--spacing--s);padding-left:var(--wp--preset--spacing--m)\">\n<h3 class=\"wp-block-heading has-primary-color has-text-color has-m-font-size\" style=\"letter-spacing:0.05em;text-transform:none\">Wir unterst\u00fctzen Sie bei Antragsstellungen, z.B.:<\/h3>\n\n\n\n<ul class=\"wp-block-list has-primary-color has-text-color has-link-color wp-elements-03b9cc45e86487fab9792465d3abb061\">\n<li>Sozialrechtliche Leistungen (z.B. Mehrbedarf bei Schwangerschaft, Leistungen f\u00fcr das Kind)<\/li>\n\n\n\n<li>Asylantrag<\/li>\n\n\n\n<li>Weitere Aufenthaltstitel<\/li>\n<\/ul>\n<\/div>\n<\/div>\n<\/div>\n\n\n\n<div class=\"wp-block-group has-custom-color-1-background-color has-background is-vertical is-layout-flex wp-container-core-group-is-layout-cf91af71 wp-block-group-is-layout-flex\" style=\"border-radius:25px;padding-top:var(--wp--preset--spacing--s);padding-right:0;padding-bottom:var(--wp--preset--spacing--s);padding-left:0\">\n<div class=\"wp-block-columns is-layout-flex wp-container-core-columns-is-layout-28f84493 wp-block-columns-is-layout-flex\">\n<div class=\"wp-block-column is-layout-flow wp-block-column-is-layout-flow\" style=\"padding-top:var(--wp--preset--spacing--s);padding-right:var(--wp--preset--spacing--m);padding-bottom:var(--wp--preset--spacing--s);padding-left:var(--wp--preset--spacing--m)\">\n<p class=\"has-primary-color has-text-color has-m-font-size\"><strong>Wir beraten Sie zu Ihrer Unterbringungssituation\/Wohnheimplatz.<\/strong><\/p>\n<\/div>\n<\/div>\n<\/div>\n\n\n\n<div class=\"wp-block-group has-custom-color-1-background-color has-background is-vertical is-layout-flex wp-container-core-group-is-layout-cf91af71 wp-block-group-is-layout-flex\" style=\"border-radius:25px;padding-top:var(--wp--preset--spacing--s);padding-right:0;padding-bottom:var(--wp--preset--spacing--s);padding-left:0\">\n<div class=\"wp-block-columns is-layout-flex wp-container-core-columns-is-layout-28f84493 wp-block-columns-is-layout-flex\">\n<div class=\"wp-block-column is-layout-flow wp-block-column-is-layout-flow\" style=\"padding-top:var(--wp--preset--spacing--s);padding-right:var(--wp--preset--spacing--m);padding-bottom:var(--wp--preset--spacing--s);padding-left:var(--wp--preset--spacing--m)\">\n<h3 class=\"wp-block-heading has-primary-color has-text-color has-m-font-size\" style=\"letter-spacing:0.05em;text-transform:none\">Wir unterst\u00fctzen Sie bei der Kommunikation und begleiten Sie nach M\u00f6glichkeit zu \u00c4mtern und Beh\u00f6rden, z.B.:<\/h3>\n\n\n\n<ul class=\"wp-block-list has-primary-color has-text-color has-link-color wp-elements-844179db4c5ecfd4968383145f29eaa2\">\n<li>LAF<\/li>\n\n\n\n<li>Bezirks\u00e4mter \/ Sozial\u00e4mter<\/li>\n\n\n\n<li>Ausl\u00e4nderbeh\u00f6rde \/ Landesamt f\u00fcr Einwanderung<\/li>\n\n\n\n<li>BAMF<\/li>\n\n\n\n<li>Standesamt<\/li>\n\n\n\n<li>Jugendamt<\/li>\n<\/ul>\n<\/div>\n<\/div>\n<\/div>\n\n\n\n<div class=\"wp-block-group has-custom-color-1-background-color has-background is-vertical is-layout-flex wp-container-core-group-is-layout-cf91af71 wp-block-group-is-layout-flex\" style=\"border-radius:25px;padding-top:var(--wp--preset--spacing--s);padding-right:0;padding-bottom:var(--wp--preset--spacing--s);padding-left:0\">\n<div class=\"wp-block-columns is-layout-flex wp-container-core-columns-is-layout-28f84493 wp-block-columns-is-layout-flex\">\n<div class=\"wp-block-column is-layout-flow wp-block-column-is-layout-flow\" style=\"padding-top:var(--wp--preset--spacing--s);padding-right:var(--wp--preset--spacing--m);padding-bottom:var(--wp--preset--spacing--s);padding-left:var(--wp--preset--spacing--m)\">\n<p class=\"has-primary-color has-text-color has-m-font-size\"><strong>Wir vermitteln Sie in soziale, rechtliche und gesundheitliche Angebote, wenn Sie das w\u00fcnschen.<\/strong><\/p>\n<\/div>\n<\/div>\n<\/div>\n\n\n\n<div class=\"wp-block-group has-border-color has-custom-color-2-border-color has-base-background-color has-background is-vertical is-layout-flex wp-container-core-group-is-layout-cf91af71 wp-block-group-is-layout-flex\" style=\"border-width:3px;border-radius:25px;padding-top:var(--wp--preset--spacing--s);padding-right:0;padding-bottom:var(--wp--preset--spacing--s);padding-left:0\">\n<div class=\"wp-block-columns is-layout-flex wp-container-core-columns-is-layout-28f84493 wp-block-columns-is-layout-flex\">\n<div class=\"wp-block-column is-layout-flow wp-block-column-is-layout-flow\" style=\"border-radius:25px;padding-top:var(--wp--preset--spacing--s);padding-right:var(--wp--preset--spacing--m);padding-bottom:var(--wp--preset--spacing--s);padding-left:var(--wp--preset--spacing--m)\">\n<figure class=\"wp-block-image size-full\"><img loading=\"lazy\" decoding=\"async\" width=\"475\" height=\"142\" src=\"https:\/\/bns.berlin\/wp-content\/uploads\/2023\/11\/image-1.png\" alt=\"\" class=\"wp-image-9701\" srcset=\"https:\/\/bns.berlin\/wp-content\/uploads\/2023\/11\/image-1.png 475w, https:\/\/bns.berlin\/wp-content\/uploads\/2023\/11\/image-1-300x90.png 300w\" sizes=\"auto, (max-width: 475px) 100vw, 475px\" \/><\/figure>\n<\/div>\n<\/div>\n<\/div>\n<\/div>\n\n\n\n<div class=\"wp-block-column is-layout-flow wp-block-column-is-layout-flow\" style=\"padding-top:var(--wp--preset--spacing--m);padding-bottom:var(--wp--preset--spacing--m)\">\n<div class=\"wp-block-group has-border-color has-custom-color-2-border-color has-base-background-color has-background is-vertical is-layout-flex wp-container-core-group-is-layout-aedf0d0a wp-block-group-is-layout-flex\" style=\"border-width:3px;border-radius:25px;padding-top:var(--wp--preset--spacing--m);padding-right:var(--wp--preset--spacing--s);padding-bottom:var(--wp--preset--spacing--m);padding-left:var(--wp--preset--spacing--s)\">\n<h3 class=\"wp-block-heading is-style-screen-reader-text\" style=\"text-transform:none\">Kontakt KuB<\/h3>\n\n\n\n<p class=\"info termine has-primary-color has-text-color has-link-color has-m-font-size wp-elements-e5cfbb22a102831704b415e2980c1d53\" style=\"font-style:normal;font-weight:500\"><strong>Termine m\u00fcssen telefonisch oder per Mail vereinbart werden.<\/strong><\/p>\n\n\n\n<h4 class=\"wp-block-heading is-style-screen-reader-text has-m-font-size\" style=\"letter-spacing:0.05em;text-transform:uppercase\">Telefon<\/h4>\n\n\n\n<ul class=\"wp-block-list info telefon is-style-no-bullets has-primary-color has-text-color has-link-color wp-elements-f96c25b549098f18e9814ea87e62a69b\">\n<li><a href=\"tel:+49306149400\"><strong>030 614 94 00<\/strong><\/a><\/li>\n\n\n\n<li>Montag &#8211; Donnerstag: 14 \u2013 17 Uhr<\/li>\n<\/ul>\n\n\n\n<h4 class=\"wp-block-heading is-style-screen-reader-text has-m-font-size\" style=\"letter-spacing:0.05em;text-transform:uppercase\">E-Mail<\/h4>\n\n\n\n<p class=\"info email has-primary-color has-text-color has-link-color wp-elements-d761e468ba1e200235eb69fb6f0dc035\"><a href=\"mailto:anfrage-bns@kub-berlin.org\">anfrage-bns@kub-berlin.org<\/a><\/p>\n\n\n\n<h4 class=\"wp-block-heading is-style-screen-reader-text has-m-font-size\" style=\"letter-spacing:0.05em;text-transform:uppercase\">Sprachmittlung<\/h4>\n\n\n\n<p class=\"info sprache has-primary-color has-text-color has-link-color wp-elements-9ae70a2bd83ce7a924cbdea30220d36c\" style=\"font-style:normal;font-weight:500\"><strong>Wir organisieren eine Sprachmittlung f\u00fcr Sie:<\/strong><\/p>\n\n\n\n<p class=\"info has-primary-color has-text-color has-link-color wp-elements-e0d4ea163b7e819532573ea44fdeddfe\">Arabisch, Dari\/Farsi, Franz\u00f6sisch, Italienisch, Kurdisch, Portugiesisch, Russisch, Spanisch, T\u00fcrkisch.<\/p>\n\n\n\n<p class=\"info has-primary-color has-text-color has-link-color wp-elements-d1dbe04ac71cf68fadcbc03b95c396dd\">Weitere Sprachen sind auf Anfrage m\u00f6glich.<\/p>\n\n\n\n<p class=\"info has-primary-color has-text-color has-link-color wp-elements-c42b294f9175b7c13a8c79227ab2aa35\">Nach Absprache k\u00f6nnen wir Ihre Kinder eventuell w\u00e4hrend der Beratung betreuen.<\/p>\n\n\n\n<p class=\"info has-primary-color has-text-color has-link-color wp-elements-3e197a70700f3aa40bc60ae34e4987db\">Wenn Sie das w\u00fcnschen, k\u00f6nnen wir Sie auch anonym beraten. Sie m\u00fcssen uns dann nicht Ihren Namen nennen.<\/p>\n\n\n\n<h4 class=\"wp-block-heading is-style-screen-reader-text has-m-font-size\" style=\"letter-spacing:0.05em;text-transform:uppercase\">Adresse<\/h4>\n\n\n\n<p class=\"info adresse has-primary-color has-text-color has-link-color wp-elements-bc925ad57c3da4529c274671565823c1\" style=\"font-style:normal;font-weight:400\"><strong>Kontakt- und Beratungsstelle f\u00fcr Fl\u00fcchtlinge und Migrant_innen e.V.<\/strong><br>Oranienstrasse 159<br>10969 Berlin<\/p>\n\n\n\n<ul class=\"wp-block-list is-style-no-bullets info has-primary-color has-text-color has-link-color wp-elements-83f31809e5f823ee98a549d8633b5383\">\n<li><img decoding=\"async\" vertical-align=\"middle\" width=\"18px\" src=\"https:\/\/bns.berlin\/wp-content\/uploads\/2023\/11\/U-Bahn.jpg\"> U-Bahn Moritzplatz (ohne Aufzug)<\/li>\n\n\n\n<li><img decoding=\"async\" vertical-align=\"middle\" width=\"18px\" src=\"https:\/\/bns.berlin\/wp-content\/uploads\/2023\/11\/U-Bahn.jpg\"> U-Bahn Kottbusser Tor (mit Aufzug)<\/li>\n\n\n\n<li><img decoding=\"async\" vertical-align=\"middle\" width=\"18px\" src=\"https:\/\/bns.berlin\/wp-content\/uploads\/2023\/11\/bus25.png\"> Bus M29 Oranienplatz<\/li>\n<\/ul>\n\n\n\n<p class=\"info has-primary-color has-text-color has-link-color wp-elements-ee6334aaf14ddf618dea275c6e6b3b69\"><a href=\"https:\/\/www.google.com\/maps\/dir\/\/Zentrum+%C3%9CBERLEBEN+gGmbH,+Turmstra%C3%9Fe+21,+10559+Berlin\/@52.5285438,13.3457398,17z\/data=!4m16!1m6!3m5!1s0x47a851879fbcfe85:0xcfcbd15f74ba45df!2sZentrum+%C3%9CBERLEBEN+gGmbH!8m2!3d52.5287294!4d13.3477701!4m8!1m0!1m5!1m1!1s0x47a851879fbcfe85:0xcfcbd15f74ba45df!2m2!1d13.3477701!2d52.5287294!3e3\">Wegbeschreibung mit G<\/a><a href=\"https:\/\/www.google.com\/maps\/dir\/\/Kontakt-+und+Beratungsstelle+f%C3%BCr+Fl%C3%BCchtlinge+und+Migrant_innen+e.V.+(KuB),+Oranienstra%C3%9Fe+159,+10969+Berlin\/@52.5027402,13.4132902,15z\/data=!4m16!1m6!3m5!1s0x0:0x8a0083028050a25d!2sKontakt-+und+Beratungsstelle+f%C3%BCr+Fl%C3%BCchtlinge+und+Migrant_innen+e.V.+(KuB)!8m2!3d52.5027402!4d13.4132902!4m8!1m0!1m5!1m1!1s0x47a84e320a98488b:0x8a0083028050a25d!2m2!1d13.4132902!2d52.5027402!3e3\">o<\/a><a href=\"https:\/\/www.google.com\/maps\/dir\/\/Zentrum+%C3%9CBERLEBEN+gGmbH,+Turmstra%C3%9Fe+21,+10559+Berlin\/@52.5285438,13.3457398,17z\/data=!4m16!1m6!3m5!1s0x47a851879fbcfe85:0xcfcbd15f74ba45df!2sZentrum+%C3%9CBERLEBEN+gGmbH!8m2!3d52.5287294!4d13.3477701!4m8!1m0!1m5!1m1!1s0x47a851879fbcfe85:0xcfcbd15f74ba45df!2m2!1d13.3477701!2d52.5287294!3e3\">ogle Maps<\/a><\/p>\n\n\n\n<h4 class=\"wp-block-heading is-style-screen-reader-text has-m-font-size\" style=\"letter-spacing:0.05em;text-transform:uppercase\">Link<\/h4>\n\n\n\n<p class=\"info web has-primary-color has-text-color has-link-color wp-elements-2096151f4ae2505b60f979303c4f0139\" style=\"font-style:normal;font-weight:400\"><strong>Es gibt weitere Angebote bei uns:<br><\/strong><a href=\"https:\/\/kub-berlin.org\/\" target=\"_blank\" rel=\"noreferrer noopener\">kub-berlin.org<\/a><\/p>\n<\/div>\n<\/div>\n<\/div>\n","protected":false},"excerpt":{"rendered":"<p>\u00c9couter<\/p>\n","protected":false},"author":12,"featured_media":0,"parent":0,"menu_order":0,"comment_status":"closed","ping_status":"closed","template":"wp-custom-template-no-intro-blue-background","meta":{"_coblocks_attr":"","_coblocks_dimensions":"","_coblocks_responsive_height":"","_coblocks_accordion_ie_support":"","inline_featured_image":false,"footnotes":""},"class_list":["post-6010","page","type-page","status-publish","hentry"],"_links":{"self":[{"href":"https:\/\/bns.berlin\/fr\/wp-json\/wp\/v2\/pages\/6010","targetHints":{"allow":["GET"]}}],"collection":[{"href":"https:\/\/bns.berlin\/fr\/wp-json\/wp\/v2\/pages"}],"about":[{"href":"https:\/\/bns.berlin\/fr\/wp-json\/wp\/v2\/types\/page"}],"author":[{"embeddable":true,"href":"https:\/\/bns.berlin\/fr\/wp-json\/wp\/v2\/users\/12"}],"replies":[{"embeddable":true,"href":"https:\/\/bns.berlin\/fr\/wp-json\/wp\/v2\/comments?post=6010"}],"version-history":[{"count":3,"href":"https:\/\/bns.berlin\/fr\/wp-json\/wp\/v2\/pages\/6010\/revisions"}],"predecessor-version":[{"id":7453,"href":"https:\/\/bns.berlin\/fr\/wp-json\/wp\/v2\/pages\/6010\/revisions\/7453"}],"wp:attachment":[{"href":"https:\/\/bns.berlin\/fr\/wp-json\/wp\/v2\/media?parent=6010"}],"curies":[{"name":"wp","href":"https:\/\/api.w.org\/{rel}","templated":true}]}}